{"id":40822,"date":"2025-09-17T10:08:05","date_gmt":"2025-09-17T10:08:05","guid":{"rendered":"https:\/\/venaziel.de\/bedeutung-orthomolekularen-funktionellen-medizin\/"},"modified":"2026-04-27T12:29:39","modified_gmt":"2026-04-27T12:29:39","slug":"bedeutung-orthomolekularen-funktionellen-medizin","status":"publish","type":"page","link":"https:\/\/venaziel.de\/fr\/orthomolekulare-medizin\/bedeutung-orthomolekularen-funktionellen-medizin\/","title":{"rendered":"L&rsquo;importance de la m\u00e9decine orthomol\u00e9culaire et fonctionnelle"},"content":{"rendered":"<p><span style=\"font-weight: 400;\">Ce faisant, ils associent les connaissances scientifiques \u00e0 une prise en charge individuelle et holistique des patients. Mais que se cache-t-il derri\u00e8re ces termes, et comment peuvent-ils aider sp\u00e9cifiquement le syst\u00e8me immunitaire, en cas de fatigue chronique, ainsi que dans la pr\u00e9vention et le traitement des carences en micronutriments&nbsp;? <\/span><\/p>\n<p><span style=\"font-weight: 400;\">Cet article donne un aper\u00e7u complet et fond\u00e9 sur des preuves&nbsp;\u2013 compr\u00e9hensible pour les profanes et scientifiquement \u00e9tay\u00e9&nbsp;\u2013 et met en lumi\u00e8re l&rsquo;importance de la m\u00e9decine orthomol\u00e9culaire et fonctionnelle pour diff\u00e9rents groupes cibles.<\/span><\/p>\n<h2><strong>M\u00e9decine orthomol\u00e9culaire&nbsp;: la sant\u00e9 gr\u00e2ce \u00e0 un apport optimal en nutriments<\/strong><\/h2>\n<p><span style=\"font-weight: 400;\">La m\u00e9decine orthomol\u00e9culaire est une approche qui vise \u00e0 maintenir ou \u00e0 r\u00e9tablir la sant\u00e9 gr\u00e2ce \u00e0 des nutriments propres \u00e0 l&rsquo;organisme dans une concentration optimale. <\/span><\/p>\n<p><span style=\"font-weight: 400;\">Le terme a \u00e9t\u00e9 invent\u00e9 en 1968 par Linus Pauling, double laur\u00e9at du prix Nobel, et signifie litt\u00e9ralement \u00ab&nbsp;les bonnes mol\u00e9cules dans la bonne quantit\u00e9&nbsp;\u00bb. <\/span><\/p>\n<p><span style=\"font-weight: 400;\">Il s&rsquo;agit de la pr\u00e9vention et du traitement des maladies par la correction des d\u00e9s\u00e9quilibres biochimiques au moyen de substances naturelles telles que les vitamines, les min\u00e9raux, les oligo-\u00e9l\u00e9ments et les acides amin\u00e9s. <\/span><\/p>\n<p><span style=\"font-weight: 400;\">Les partisans de la m\u00e9decine orthomol\u00e9culaire font valoir que l&rsquo;alimentation moderne ne fournit souvent pas suffisamment de nutriments essentiels et est au contraire enrichie de substances nocives (par exemple, le sucre, les graisses trans) \u2013 ce qui peut contribuer \u00e0 terme \u00e0 divers probl\u00e8mes de sant\u00e9. <\/span><\/p>\n<p><span style=\"font-weight: 400;\">L&rsquo;apport cibl\u00e9 de micronutriments, en partie \u00e0 des doses plus \u00e9lev\u00e9es que celles recommand\u00e9es par la soci\u00e9t\u00e9 g\u00e9n\u00e9rale de nutrition, est cens\u00e9 r\u00e9tablir le milieu biochimique optimal dans le corps.<\/span><\/p>\n<p><b>Comment cette approche fonctionne-t-elle dans la pratique&nbsp;? <\/b><span style=\"font-weight: 400;\">Les m\u00e9decins orthomol\u00e9culaires r\u00e9alisent g\u00e9n\u00e9ralement des anamn\u00e8ses approfondies et des analyses de laboratoire afin de d\u00e9tecter les d\u00e9ficits ou les d\u00e9s\u00e9quilibres nutritionnels individuels. <\/span><\/p>\n<p><span style=\"font-weight: 400;\">Sur cette base, des recommandations personnalis\u00e9es sont donn\u00e9es, par exemple sous forme d\u2019alimentation adapt\u00e9e, de pr\u00e9parations de vitamines ou de min\u00e9raux \u00e0 haute dose (ce que l\u2019on appelle la \u00ab&nbsp;th\u00e9rapie m\u00e9gavitaminique&nbsp;\u00bb) et de modifications du mode de vie. Un exemple est l\u2019administration de vitamine C \u00e0 haute dose pour soutenir le syst\u00e8me immunitaire ou pour raccourcir les rhumes&nbsp;: une id\u00e9e qui remonte aux recherches et aux publications de Pauling. <\/span><\/p>\n<p><span style=\"font-weight: 400;\">Les approches th\u00e9rapeutiques orthomol\u00e9culaires sont propos\u00e9es pour une multitude de domaines d&rsquo;application, dont les maladies canc\u00e9reuses, les maladies cardio-vasculaires, les troubles psychiques et l&rsquo;am\u00e9lioration g\u00e9n\u00e9rale des performances. <\/span><\/p>\n<p><span style=\"font-weight: 400;\">Elles sont \u00e9galement utilis\u00e9es en cas de fatigue chronique, d&rsquo;asthme, de troubles digestifs ou d&rsquo;arthrose.<\/span><\/p>\n<p><span style=\"font-weight: 400;\">Il est important de souligner que la m\u00e9decine orthomol\u00e9culaire se consid\u00e8re comme un compl\u00e9ment \u00e0 la m\u00e9decine conventionnelle. <\/span><\/p>\n<p><span style=\"font-weight: 400;\">Elle veut jeter un pont entre la science de la m\u00e9decine conventionnelle et le traitement holistique individuel. Bien qu\u2019il existe des \u00e9tudes scientifiques qui soutiennent l\u2019efficacit\u00e9 des vitamines \u00e0 haute dose (par exemple, la vitamine C) dans certains contextes, il existe \u00e9galement un d\u00e9bat anim\u00e9 dans le domaine m\u00e9dical sur les avantages et les risques de telles th\u00e9rapies \u00e0 m\u00e9ga-doses.<\/span> <span style=\"font-weight: 400;\">.  <\/span><\/p>\n<p><span style=\"font-weight: 400;\">Les critiques mettent en garde contre les effets secondaires possibles d&rsquo;un apport excessif de nutriments (par exemple, des l\u00e9sions r\u00e9nales dues \u00e0 des doses extr\u00eamement \u00e9lev\u00e9es de vitamine D \u00e0 long terme ou des troubles nerveux en cas de surdosage de vitamine B6), tandis que les partisans soulignent la stricte individualisation et la surveillance de la th\u00e9rapie. <\/span><\/p>\n<p><b>Le fait est que&nbsp;: <\/b><span style=\"font-weight: 400;\">Il est commun\u00e9ment admis que les vitamines et les min\u00e9raux sont essentiels \u00e0 la sant\u00e9. La question passionnante \u2013 et c\u2019est l\u00e0 qu\u2019intervient la m\u00e9decine orthomol\u00e9culaire \u2013 est de savoir quelles quantit\u00e9s sont optimales, non seulement pour pr\u00e9venir les maladies de carence, mais aussi pour influencer positivement les maladies chroniques. <\/span><\/p>\n<p><span style=\"font-weight: 400;\">Pauling \u00e9tait ainsi d&rsquo;avis que les recommandations nutritionnelles habituelles (Recommended Dietary Allowances, RDA) \u00e9taient trop basses pour certains nutriments essentiels et que des quantit\u00e9s d&rsquo;apport plus \u00e9lev\u00e9es seraient souhaitables dans le sens d&rsquo;une adaptation \u00e9volutionnaire. <\/span><\/p>\n<p><span style=\"font-weight: 400;\">Il a par exemple soulign\u00e9 que les humains (contrairement \u00e0 la plupart des animaux) ne peuvent pas produire eux-m\u00eames de la vitamine C et que nos plus proches parents, les primates, absorbent quotidiennement 2 \u00e0 3&nbsp;grammes de vitamine C par le biais de leur alimentation dans la nature&nbsp;\u2013 soit plusieurs fois les 100&nbsp;mg recommand\u00e9s aujourd&rsquo;hui par jour. <\/span><\/p>\n<p><span style=\"font-weight: 400;\">De nombreux animaux produisent \u00e9galement leur propre vitamine C en quantit\u00e9s nettement plus importantes que dans la plage du milligramme. <\/span><\/p>\n<p><span style=\"font-weight: 400;\">De telles observations ont conduit Pauling \u00e0 l&rsquo;hypoth\u00e8se que l&rsquo;homme, dans les conditions de vie modernes, a peut-\u00eatre besoin de plus grandes quantit\u00e9s de vitamines pour rester vraiment en parfaite sant\u00e9.<\/span><\/p>\n<p><span style=\"font-weight: 400;\">En r\u00e9sum\u00e9, la m\u00e9decine orthomol\u00e9culaire vise \u00e0 \u00e9quilibrer le milieu int\u00e9rieur du corps en mettant \u00e0 disposition tous les micronutriments n\u00e9cessaires en quantit\u00e9 suffisante (parfois augment\u00e9e \u00e0 des fins th\u00e9rapeutiques). <\/span><\/p>\n<p><span style=\"font-weight: 400;\">Elle fait appel aux forces d&rsquo;autogu\u00e9rison du corps&nbsp;: si tous les \u00ab&nbsp;\u00e9l\u00e9ments constitutifs&nbsp;\u00bb sont pr\u00e9sents, l&rsquo;organisme peut se d\u00e9fendre contre les maladies et r\u00e9parer les structures endommag\u00e9es. <\/span><\/p>\n<p><span style=\"font-weight: 400;\">Malgr\u00e9 des discussions controvers\u00e9es, cette approche a donn\u00e9 un nouvel espoir \u00e0 de nombreux patients, en particulier ceux qui n\u2019ont pas connu d\u2019am\u00e9lioration avec les th\u00e9rapies conventionnelles. Dans l\u2019\u00e9tape suivante, nous examinerons la m\u00e9decine fonctionnelle apparent\u00e9e, mais encore plus compl\u00e8te.<\/span><\/p>\n<p>&nbsp;<\/p>\n<h2><b>M\u00e9decine fonctionnelle&nbsp;: recherche holistique des causes et th\u00e9rapie individuelle<\/b><\/h2>\n<p><span style=\"font-weight: 400;\">La m\u00e9decine fonctionnelle partage de nombreuses id\u00e9es de base avec la m\u00e9decine orthomol\u00e9culaire, mais elle est encore plus large en termes de contenu.<\/span><\/p>\n<p><span style=\"font-weight: 400;\">Elle se consid\u00e8re comme une approche syst\u00e9mique, ax\u00e9e sur les causes, qui consid\u00e8re l&rsquo;\u00eatre humain dans son ensemble&nbsp;\u2013 de la pr\u00e9disposition g\u00e9n\u00e9tique au mode de vie et aux facteurs environnementaux, en passant par la sant\u00e9 mentale. <\/span><\/p>\n<p><span style=\"font-weight: 400;\">Au lieu de traiter les maladies de mani\u00e8re isol\u00e9e selon une cl\u00e9 de diagnostic, la m\u00e9decine fonctionnelle se demande&nbsp;: pourquoi cette personne est-elle malade&nbsp;? Quels sont les troubles fonctionnels dans le r\u00e9seau du corps qui sous-tendent les sympt\u00f4mes&nbsp;?<\/span><\/p>\n<p><span style=\"font-weight: 400;\">Un principe directeur souvent cit\u00e9 est le suivant&nbsp;: \u00ab&nbsp;Functional Medicine is a systems-biology-based model that empowers patients and practitioners to work together to achieve the highest expression of health by addressing the underlying causes of disease.&nbsp;\u00bb \u2013 ce qui signifie en fran\u00e7ais&nbsp;: \u00ab&nbsp;La m\u00e9decine fonctionnelle est un mod\u00e8le bas\u00e9 sur la biologie des syst\u00e8mes, dans lequel les patients et les praticiens travaillent ensemble \u00e0 la meilleure sant\u00e9 possible en s&rsquo;attaquant aux causes sous-jacentes de la maladie.&nbsp;\u00bb. <\/span><\/p>\n<p><span style=\"font-weight: 400;\">Dans la pratique, cela signifie que les m\u00e9decins et les th\u00e9rapeutes recueillent en d\u00e9tail l&rsquo;histoire de vie du patient (de la naissance \u00e0 l&rsquo;alimentation, l&rsquo;activit\u00e9 physique, le stress, l&rsquo;exposition aux substances nocives et l&rsquo;environnement social) afin de reconna\u00eetre les liens. <\/span><\/p>\n<p><span style=\"font-weight: 400;\">Un profil de sant\u00e9 individuel est cr\u00e9\u00e9, offrant des points de d\u00e9part pour des interventions. Les micronutriments, l\u2019alimentation et la sant\u00e9 intestinale jouent un r\u00f4le central, mais d\u2019autres domaines tels que les hormones, les fonctions de d\u00e9sintoxication, le syst\u00e8me nerveux et le syst\u00e8me immunitaire sont \u00e9galement pris en compte. <\/span><\/p>\n<p><span style=\"font-weight: 400;\">La m\u00e9decine fonctionnelle utilise son propre \u00ab&nbsp;syst\u00e8me d&rsquo;exploitation&nbsp;\u00bb compos\u00e9 d&rsquo;outils d&rsquo;anamn\u00e8se (par exemple, la roue de la vie, la matrice) et de traitements personnalis\u00e9s qui visent \u00e0 am\u00e9liorer les fonctions perturb\u00e9es et \u00e0 r\u00e9tablir l&rsquo;\u00e9quilibre int\u00e9rieur<\/span> <span style=\"font-weight: 400;\">.<\/span><\/p>\n<p><span style=\"font-weight: 400;\">Une diff\u00e9rence d\u00e9cisive par rapport \u00e0 la m\u00e9decine conventionnelle r\u00e9side dans l&rsquo;importance accord\u00e9e \u00e0 l&rsquo;alimentation et au mode de vie en tant que th\u00e9rapie. <\/span><\/p>\n<p><span style=\"font-weight: 400;\">Alors que les praticiens classiques prescrivent souvent avant tout des m\u00e9dicaments, la m\u00e9decine fonctionnelle mise d&rsquo;abord sur la \u00ab&nbsp;th\u00e9rapie des causes&nbsp;\u00bb&nbsp;: c&rsquo;est-\u00e0-dire, par exemple, la modification de l&rsquo;alimentation, la suppl\u00e9mentation cibl\u00e9e de nutriments, l&rsquo;activit\u00e9 physique, la gestion du stress, un sommeil suffisant et des mesures similaires, avant (ou en accompagnement) de prendre des mesures m\u00e9dicamenteuses. <\/span><\/p>\n<p><span style=\"font-weight: 400;\">En fait, la m\u00e9decine fonctionnelle est parfois appel\u00e9e \u00ab&nbsp;m\u00e9decine du mode de vie&nbsp;\u00bb, car elle utilise la force du comportement quotidien et de l&rsquo;apport de nutriments pour inverser les maladies chroniques, promouvoir la sant\u00e9 et optimiser les performances<\/span> <span style=\"font-weight: 400;\">.<\/span> <\/p>\n<p><span style=\"font-weight: 400;\">Un principe directeur est le suivant&nbsp;: \u00ab&nbsp;Food is Medicine&nbsp;\u00bb \u2013 la nourriture est un m\u00e9dicament. Ainsi, chez un patient souffrant d&rsquo;inflammations chroniques, on ne se contente pas de lui administrer un m\u00e9dicament anti-inflammatoire, mais on recherche les intol\u00e9rances alimentaires, on administre des acides gras om\u00e9ga-3 et des antioxydants provenant de l&rsquo;alimentation ou en compl\u00e9ment, on assainit l&rsquo;intestin, on r\u00e9duit le stress, etc., afin de s&rsquo;attaquer \u00e0 la cause de l&rsquo;inflammation \u00e0 la racine.<\/span><\/p>\n<p><span style=\"font-weight: 400;\">Scientifiquement fond\u00e9&nbsp;: bien que certains \u00e9l\u00e9ments de la m\u00e9decine fonctionnelle aient \u00e9t\u00e9 consid\u00e9r\u00e9s avec scepticisme, une base de preuves croissante se d\u00e9veloppe. Des \u00e9tudes et des rapports de cas montrent que le mod\u00e8le fonctionnel peut \u00eatre efficace dans les maladies chroniques complexes. <\/span><\/p>\n<p><span style=\"font-weight: 400;\">Par exemple, des am\u00e9liorations ont \u00e9t\u00e9 document\u00e9es chez des patients souffrant du syndrome du c\u00f4lon irritable, de polyarthrite rhumato\u00efde, d&rsquo;arthrose et m\u00eame du syndrome de fatigue chronique (SFC) lorsqu&rsquo;un programme de m\u00e9decine fonctionnelle a \u00e9t\u00e9 appliqu\u00e9. <\/span><\/p>\n<p><span style=\"font-weight: 400;\">Une \u00e9valuation \u00e0 la Cleveland Clinic (USA), o\u00f9 un d\u00e9partement propre pour la m\u00e9decine fonctionnelle a \u00e9t\u00e9 mis en place, a r\u00e9v\u00e9l\u00e9 que les patients sous m\u00e9decine fonctionnelle ont signal\u00e9 une am\u00e9lioration significativement plus importante de leur qualit\u00e9 de vie li\u00e9e \u00e0 la sant\u00e9 que les patients comparables en soins m\u00e9dicaux g\u00e9n\u00e9raux conventionnels. <\/span><\/p>\n<p><span style=\"font-weight: 400;\">En particulier, les param\u00e8tres physiques (tels que le niveau d\u2019\u00e9nergie, la douleur, la mobilit\u00e9) ont pu \u00eatre am\u00e9lior\u00e9s en l\u2019espace de 6 \u00e0 12&nbsp;mois. Cela sugg\u00e8re que les approches holistiques et personnalis\u00e9es peuvent effectivement offrir une valeur ajout\u00e9e lorsqu\u2019il s\u2019agit de soulager les affections chroniques. <\/span><\/p>\n<p><b>Mais il est important de le souligner ici aussi&nbsp;:<\/b> <span style=\"font-weight: 400;\">la m\u00e9decine fonctionnelle ne se consid\u00e8re pas comme un remplacement, mais comme une extension de la m\u00e9decine classique.<\/span> <\/p>\n<p><span style=\"font-weight: 400;\">Elle int\u00e8gre les d\u00e9couvertes modernes de la g\u00e9n\u00e9tique, de l&rsquo;immunologie, de la science de la nutrition et d&rsquo;autres disciplines dans une image globale qui aborde les \u00ab&nbsp;points faibles&nbsp;\u00bb dans le syst\u00e8me d&rsquo;un patient individuel, au lieu de fournir le m\u00eame traitement \u00e0 tout le monde de mani\u00e8re forfaitaire.<\/span><\/p>\n<p><span style=\"font-weight: 400;\">La m\u00e9decine orthomol\u00e9culaire et la m\u00e9decine fonctionnelle placent donc toutes deux l&rsquo;individu avec ses besoins sp\u00e9cifiques au centre de l&rsquo;attention. <\/span><\/p>\n<p><span style=\"font-weight: 400;\">Un \u00e9l\u00e9ment central des deux approches est l\u2019examen de l\u2019apport en micronutriments. Dans ce qui suit, nous allons examiner le r\u00f4le que jouent les vitamines et les min\u00e9raux pour notre syst\u00e8me immunitaire et pourquoi les personnes souffrant de fatigue chronique b\u00e9n\u00e9ficient souvent d\u2019une optimisation de l\u2019\u00e9quilibre nutritionnel. <\/span><\/p>\n<p><span style=\"font-weight: 400;\">En outre, nous allons montrer comment les carences en micronutriments peuvent \u00eatre d\u00e9tect\u00e9es, \u00e9vit\u00e9es et trait\u00e9es.<\/span><\/p>\n<p>&nbsp;<\/p>\n<h2><b>Micronutriments et syst\u00e8me immunitaire&nbsp;: comment les nutriments renforcent les d\u00e9fenses<\/b><\/h2>\n<p><span style=\"font-weight: 400;\">Notre syst\u00e8me immunitaire est un r\u00e9seau complexe de barri\u00e8res, de cellules et de substances de signalisation qui prot\u00e8ge le corps contre les infections et \u00e9limine les cellules malades. <\/span><\/p>\n<p><span style=\"font-weight: 400;\">Pour que cette d\u00e9fense fonctionne correctement, le corps a besoin d\u2019un certain nombre de vitamines et de min\u00e9raux comme outils. En fait, les r\u00e9sultats de la recherche montrent que pratiquement chaque \u00e9tape de la r\u00e9ponse immunitaire d\u00e9pend de micronutriments suffisants.<\/span><\/p>\n<p><span style=\"font-weight: 400;\">Les nutriments les plus importants pour le syst\u00e8me immunitaire sont les vitamines A, C, D, E, les vitamines B (B_6, B_12, folate) ainsi que le zinc, le fer, le cuivre et le s\u00e9l\u00e9nium<\/span> <span style=\"font-weight: 400;\">.<\/span> <\/p>\n<p><span style=\"font-weight: 400;\">Ils agissent souvent en synergie pour maintenir la peau et les muqueuses comme barri\u00e8res physiques, pour produire des anticorps et des cellules immunitaires ou pour ma\u00eetriser le stress oxydatif. <\/span><\/p>\n<p><span style=\"font-weight: 400;\">M\u00eame une l\u00e9g\u00e8re carence dans l\u2019un de ces domaines peut nuire \u00e0 la fonction immunitaire. Ainsi, par exemple, une carence en zinc diminue la formation de globules blancs, une carence en vitamine&nbsp;D affaiblit la d\u00e9fense immunitaire inn\u00e9e et une carence en vitamine&nbsp;A peut entra\u00eener des l\u00e9sions de la peau et des muqueuses, qui ouvrent la porte aux germes.<\/span><\/p>\n<p><span style=\"font-weight: 400;\">L&rsquo;importance des micronutriments pour le syst\u00e8me immunitaire a \u00e9t\u00e9 reconnue historiquement pour la premi\u00e8re fois avec la vitamine C, lorsque l&rsquo;on a constat\u00e9 que le scorbut (carence en vitamine C) entra\u00eene une forte susceptibilit\u00e9 aux infections et peut \u00eatre gu\u00e9ri par des apports de vitamine C. <\/span><\/p>\n<p><span style=\"font-weight: 400;\">Aujourd&rsquo;hui, nous savons que plusieurs nutriments sont n\u00e9cessaires en combinaison pour que l&rsquo;\u00ab&nbsp;arm\u00e9e immunitaire&nbsp;\u00bb soit positionn\u00e9e de mani\u00e8re optimale. <\/span><\/p>\n<p><span style=\"font-weight: 400;\">En particulier, la vitamine C, la vitamine D et le zinc se distinguent par une multitude d&rsquo;\u00e9tudes et sont consid\u00e9r\u00e9s comme des micronutriments avec les preuves les plus solides pour le soutien immunitaire. <\/span><\/p>\n<p><span style=\"font-weight: 400;\">La vitamine C soutient par exemple les cellules phagocytaires (phagocytes) et la formation d&rsquo;anticorps&nbsp;; la vitamine D module le syst\u00e8me immunitaire inn\u00e9 en r\u00e9gulant positivement les peptides antimicrobiens dans les cellules et active certaines cellules immunitaires comme les lymphocytes&nbsp;T&nbsp;; le zinc est n\u00e9cessaire \u00e0 la maturation des cellules&nbsp;T et \u00e0 la stabilit\u00e9 des muqueuses. <\/span><\/p>\n<p><span style=\"font-weight: 400;\">Mais le s\u00e9l\u00e9nium (important pour les enzymes antioxydantes dans les cellules immunitaires), le fer (pour la multiplication des cellules immunitaires), la vitamine A (maintien des muqueuses, r\u00e9gulation de la division des cellules immunitaires) et la vitamine E (protection contre les radicaux libres) sont \u00e9galement essentiels.<\/span><\/p>\n<p><span style=\"font-weight: 400;\">Un concept central&nbsp;\u2013 en particulier dans la m\u00e9decine orthomol\u00e9culaire&nbsp;\u2013 est que, pour une fonction immunitaire optimale, des quantit\u00e9s d&rsquo;absorption plus \u00e9lev\u00e9es pourraient \u00eatre n\u00e9cessaires que celles couvertes par l&rsquo;alimentation habituelle ou les doses quotidiennes recommand\u00e9es. <\/span><\/p>\n<p><span style=\"font-weight: 400;\">Le stress, les infections et les charges environnementales peuvent augmenter le besoin en certains nutriments. Par exemple, les cellules immunitaires consomment d\u2019\u00e9normes quantit\u00e9s de vitamine&nbsp;C et de zinc en cas d\u2019infection. Un article de synth\u00e8se dans Nutrients (2020) r\u00e9sume&nbsp;: \u00ab&nbsp;La quantit\u00e9 d\u2019apport quotidien n\u00e9cessaire pour soutenir la fonction immunitaire pourrait \u00eatre sup\u00e9rieure aux recommandations actuelles (RDA). <\/span><\/p>\n<p><span style=\"font-weight: 400;\">Certains groupes de population absorbent insuffisamment de micronutriments, et les situations avec un besoin accru&nbsp;\u2013 comme les infections, le stress ou la pollution environnementale&nbsp;\u2013 \u00e9puisent en outre les r\u00e9serves du corps. <\/span><\/p>\n<p><span style=\"font-weight: 400;\">M\u00eame des d\u00e9ficits marginaux peuvent affaiblir les d\u00e9fenses immunitaires.&nbsp;\u00bb<\/span> <span style=\"font-weight: 400;\">. Les auteurs en concluent que les pr\u00e9parations multivitamin\u00e9es contenant des micronutriments importants pour le syst\u00e8me immunitaire peuvent contribuer \u00e0 moduler la fonction immunitaire et \u00e0 r\u00e9duire le risque d&rsquo;infection. <\/span><\/p>\n<p><span style=\"font-weight: 400;\">En effet, il existe des indications que les personnes ayant des taux sanguins optimaux de vitamine D sont moins susceptibles de souffrir d&rsquo;infections graves des voies respiratoires et que les pastilles de zinc peuvent raccourcir la dur\u00e9e de la maladie en cas de rhume. <\/span><\/p>\n<p><span style=\"font-weight: 400;\">La vitamine C \u00e0 haute dose (par exemple, 1\u20132&nbsp;g par jour) a \u00e9t\u00e9 associ\u00e9e \u00e0 un r\u00e9tablissement un peu plus rapide des rhumes, bien que les donn\u00e9es soient parfois contradictoires.<\/span><\/p>\n<p><span style=\"font-weight: 400;\">Dans l\u2019ensemble, cependant, les immunologues s\u2019accordent \u00e0 dire qu\u2019un bon statut en micronutriments est la meilleure condition pr\u00e9alable \u00e0 un syst\u00e8me immunitaire robuste. Si le corps manque d\u2019\u00e9l\u00e9ments constitutifs importants, le syst\u00e8me de d\u00e9fense complexe tr\u00e9buche.<\/span><\/p>\n<p><span style=\"font-weight: 400;\">Ces derniers temps&nbsp;\u2013 par exemple dans le cadre de la pand\u00e9mie de COVID-19&nbsp;\u2013 l&rsquo;attention s&rsquo;est accrue sur la carence en vitamine D, car des \u00e9tudes ont montr\u00e9 une corr\u00e9lation entre les faibles taux de vitamine D et un risque accru d&rsquo;\u00e9volution grave de l&rsquo;infection. <\/span><\/p>\n<p><span style=\"font-weight: 400;\">On ne peut certes pas en d\u00e9duire un rem\u00e8de miracle, mais cela souligne&nbsp;: \u00e9viter les d\u00e9ficits en micronutriments est une mesure simple et efficace pour maintenir les d\u00e9fenses immunitaires \u00e0 un bon niveau. <\/span><\/p>\n<p><span style=\"font-weight: 400;\">Les m\u00e9decins orthomol\u00e9culaires recommandent donc souvent, surtout pendant le semestre d&rsquo;hiver, une suppl\u00e9mentation en vitamine D, car dans nos r\u00e9gions, le rayonnement solaire n&rsquo;est souvent pas suffisant pour une formation propre au corps. <\/span><\/p>\n<p><span style=\"font-weight: 400;\">De m\u00eame, en phase de susceptibilit\u00e9 accrue aux infections, des pr\u00e9parations combin\u00e9es de vitamine C, de zinc, de s\u00e9l\u00e9nium et d&rsquo;autres antioxydants sont utilis\u00e9es afin d&rsquo;\u00e9quiper le corps de la meilleure fa\u00e7on possible.<\/span><\/p>\n<p><span style=\"font-weight: 400;\">Outre la d\u00e9fense directe contre les infections, les micronutriments jouent \u00e9galement un r\u00f4le dans la r\u00e9gulation des processus inflammatoires. Les inflammations chroniques silencieuses sont consid\u00e9r\u00e9es comme un facteur de risque pour de nombreuses maladies (de l\u2019arthrite \u00e0 l\u2019art\u00e9rioscl\u00e9rose). <\/span><\/p>\n<p><span style=\"font-weight: 400;\">Ici, par exemple, les acides gras om\u00e9ga-3, la vitamine D et le magn\u00e9sium peuvent intervenir de mani\u00e8re r\u00e9gulatrice en abaissant les substances messag\u00e8res pro-inflammatoires. <\/span><\/p>\n<p><span style=\"font-weight: 400;\">Ce chevauchement de la fonction immunitaire et de la fonction m\u00e9tabolique g\u00e9n\u00e9rale montre \u00e0 quel point l&rsquo;effet des nutriments est holistique&nbsp;\u2013 une id\u00e9e qui est particuli\u00e8rement soulign\u00e9e dans la m\u00e9decine fonctionnelle.<\/span><\/p>\n<p><span style=\"font-weight: 400;\">En r\u00e9sum\u00e9, on peut dire qu&rsquo;une alimentation \u00e9quilibr\u00e9e et riche en micronutriments&nbsp;\u2013 \u00e9ventuellement compl\u00e9t\u00e9e par des compl\u00e9ments alimentaires&nbsp;\u2013 est l&rsquo;un des piliers d&rsquo;un syst\u00e8me immunitaire fort. <\/span><\/p>\n<p><span style=\"font-weight: 400;\">Cette connaissance peut sembler \u00e9vidente, mais dans la pratique, des \u00e9tudes montrent que m\u00eame dans les pays riches, de nombreuses personnes n&rsquo;atteignent pas l&rsquo;apport recommand\u00e9 en vitamines et min\u00e9raux importants. <\/span><\/p>\n<p><span style=\"font-weight: 400;\">Dans la section suivante, nous allons examiner comment cela peut affecter l&rsquo;\u00e9nergie et la vitalit\u00e9, en particulier chez les personnes souffrant de fatigue chronique.<\/span><\/p>\n<p>&nbsp;<\/p>\n<h2><strong>Fatigue chronique&nbsp;: une nouvelle \u00e9nergie gr\u00e2ce aux micronutriments<\/strong><\/h2>\n<p><span style=\"font-weight: 400;\">Constamment \u00e9puis\u00e9s, sans force pour le quotidien&nbsp;\u2013 de nombreuses personnes atteintes de fatigue chronique se sentent abandonn\u00e9es. <\/span><\/p>\n<p><span style=\"font-weight: 400;\">Les causes de la fatigue persistante sont multiples et pas toujours faciles \u00e0 diagnostiquer. Cependant, les d\u00e9ficits nutritionnels, les dysfonctionnements mitochondriaux et les inflammations chroniques jouent souvent un r\u00f4le dans la perte d\u2019\u00e9nergie et la faiblesse des performances. <\/span><\/p>\n<p><span style=\"font-weight: 400;\">C&rsquo;est l\u00e0 que les approches th\u00e9rapeutiques orthomol\u00e9culaires et fonctionnelles interviennent, en essayant de fournir au corps les nutriments n\u00e9cessaires \u00e0 la production d&rsquo;\u00e9nergie dans les cellules et \u00e0 la r\u00e9sistance au stress.<\/span><\/p>\n<p><span style=\"font-weight: 400;\">Pourquoi les micronutriments font-ils une diff\u00e9rence en cas de fatigue&nbsp;? Les vitamines et les min\u00e9raux sont des cofacteurs dans presque tous les processus m\u00e9taboliques. <\/span><\/p>\n<p><span style=\"font-weight: 400;\">En particulier, la production d\u2019\u00e9nergie cellulaire (production d\u2019ATP dans les mitochondries) d\u00e9pend d\u2019un bon apport en vitamines&nbsp;B (B_1, B_2, B_3, B_5, B_6, B_12), en magn\u00e9sium, en fer et en coenzyme&nbsp;Q10. Si ces \u00e9l\u00e9ments constitutifs manquent, le \u00ab&nbsp;moteur&nbsp;\u00bb du corps ne tourne pas rond \u2013 on se sent faible, apathique, mentalement fatigu\u00e9.<\/span><\/p>\n<p><span style=\"font-weight: 400;\">La fatigue est donc un sympt\u00f4me principal dans divers \u00e9tats de carence&nbsp;: la carence en fer (m\u00eame sans an\u00e9mie) entra\u00eene de la fatigue, des troubles de la concentration et une diminution des performances physiques&nbsp;; la carence en vitamine&nbsp;B_12 se manifeste par une faiblesse, des troubles neurologiques et souvent une humeur d\u00e9pressive&nbsp;; la carence en magn\u00e9sium peut contribuer \u00e0 la faiblesse musculaire et \u00e0 l&rsquo;\u00e9puisement.<\/span><\/p>\n<p><span style=\"font-weight: 400;\">Un article de synth\u00e8se r\u00e9cent (2023) a examin\u00e9 l\u2019efficacit\u00e9 de la th\u00e9rapie nutritionnelle pour les sympt\u00f4mes de fatigue. Les auteurs ont pass\u00e9 en revue la litt\u00e9rature \u00e0 la recherche d\u2019\u00e9tudes dans lesquelles des vitamines ou des min\u00e9raux ont \u00e9t\u00e9 test\u00e9s pour soulager la fatigue. <\/span><\/p>\n<p><span style=\"font-weight: 400;\">Le r\u00e9sultat \u00e9tait impressionnant : 50 \u00e9tudes sur 60 ont montr\u00e9 des am\u00e9liorations significatives des sympt\u00f4mes de fatigue gr\u00e2ce \u00e0 la suppl\u00e9mentation en vitamines et min\u00e9raux. <\/span><\/p>\n<p><span style=\"font-weight: 400;\">Les \u00e9tudes portaient \u00e0 la fois sur des personnes saines ressentant de la fatigue et sur des patients atteints de maladies chroniques (par exemple, fibromyalgie, syndrome de fatigue chronique, cancer ou scl\u00e9rose en plaques). <\/span><\/p>\n<p><span style=\"font-weight: 400;\">La gamme des nutriments utilis\u00e9s allait du coenzyme Q10, de la L-carnitine, du zinc, de la m\u00e9thionine, du NADH (nicotinamide ad\u00e9nine dinucl\u00e9otide) aux vitamines C, D et diverses vitamines B. <\/span><\/p>\n<p><span style=\"font-weight: 400;\">Dans de nombreux cas, des combinaisons ont \u00e9t\u00e9 administr\u00e9es, en partie par voie orale sous forme de compl\u00e9ment alimentaire, en partie par perfusion ou injection. La conclusion de la revue \u00e9tait la suivante&nbsp;: un apport cibl\u00e9 de nutriments offre des avantages potentiellement consid\u00e9rables pour la r\u00e9duction de la fatigue, tant chez les personnes saines que chez les personnes atteintes de maladies chroniques. <\/span><\/p>\n<p><span style=\"font-weight: 400;\">En d&rsquo;autres termes, les substances vitales peuvent aider \u00e0 recharger les r\u00e9serves d&rsquo;\u00e9nergie.<\/span><\/p>\n<p><span style=\"font-weight: 400;\">Les patients atteints du syndrome de fatigue chronique (SFC\/EM) ou d&rsquo;\u00e9tats similaires \u00e0 l&rsquo;\u00e9puisement professionnel recherchent justement des moyens doux de retrouver leur vitalit\u00e9. <\/span><\/p>\n<p><span style=\"font-weight: 400;\">En m\u00e9decine fonctionnelle, il est souvent recommand\u00e9 tout un ensemble de mesures, notamment : v\u00e9rification de la fonction thyro\u00efdienne, traitement d&rsquo;un \u00e9ventuel syndrome de stress surr\u00e9nalien, assainissement intestinal (car un intestin qui fuit peut contribuer \u00e0 l&rsquo;activation immunitaire et \u00e0 la fatigue) et, pr\u00e9cis\u00e9ment, une th\u00e9rapie cibl\u00e9e par micronutriments. <\/span><\/p>\n<p><span style=\"font-weight: 400;\">Par exemple, le magn\u00e9sium (important pour la fonction musculaire et la fourniture d\u2019\u00e9nergie) est souvent administr\u00e9 par perfusion, car de nombreuses personnes \u00e9puis\u00e9es pr\u00e9sentent une carence. Les injections de vitamine&nbsp;B_12 peuvent entra\u00eener des am\u00e9liorations spectaculaires chez les personnes souffrant de troubles de la r\u00e9sorption ou ayant une alimentation v\u00e9g\u00e9talienne, en ce qui concerne la concentration et la fatigue. <\/span><\/p>\n<p><span style=\"font-weight: 400;\">Le coenzyme Q10, une mol\u00e9cule cl\u00e9 de la cha\u00eene respiratoire mitochondriale, a montr\u00e9 des effets positifs sur les performances physiques dans des \u00e9tudes men\u00e9es aupr\u00e8s de patients atteints de fibromyalgie et de fatigue. <\/span><\/p>\n<p><span style=\"font-weight: 400;\">L&rsquo;ac\u00e9tyl-L-carnitine (pour le m\u00e9tabolisme des acides gras dans les mitochondries) s&rsquo;est \u00e9galement av\u00e9r\u00e9e utile dans certaines \u00e9tudes, en particulier chez les personnes \u00e2g\u00e9es souffrant de fatigue.<\/span><\/p>\n<p><span style=\"font-weight: 400;\">Bien s\u00fbr, il faut toujours distinguer s&rsquo;il existe une situation de carence concr\u00e8te (par exemple, une carence en fer, qui est la cause la plus fr\u00e9quente de fatigue chez les femmes en \u00e2ge de procr\u00e9er) ou s&rsquo;il s&rsquo;agit d&rsquo;un soutien fonctionnel, c&rsquo;est-\u00e0-dire du \u00ab r\u00e9glage fin \u00bb des processus biochimiques. <\/span><\/p>\n<p><span style=\"font-weight: 400;\">Les th\u00e9rapeutes orthomol\u00e9culaires v\u00e9rifieront d&rsquo;abord si, par exemple, le fer, la vitamine B_12, la vitamine D, le folate ou la ferritine sont trop bas dans le sang \u2013 dans de tels cas, une substitution peut \u00eatre effectu\u00e9e de mani\u00e8re cibl\u00e9e (par exemple, des perfusions de fer en cas de fatigue due \u00e0 une carence en fer, ce qui r\u00e9duit souvent consid\u00e9rablement la fatigue en quelques semaines). <\/span><\/p>\n<p><span style=\"font-weight: 400;\">S\u2019il n\u2019y a pas de carence classique d\u00e9tectable, mais que les sympt\u00f4mes sont n\u00e9anmoins pr\u00e9sents, on essaie d\u2019am\u00e9liorer la fourniture d\u2019\u00e9nergie gr\u00e2ce \u00e0 un apport optimis\u00e9 de nutriments mitochondriaux. Les patients font alors souvent \u00e9tat d\u2019une \u00ab&nbsp;sensation plus claire&nbsp;\u00bb, d\u2019une plus grande endurance physique et d\u2019une diminution du brouillard c\u00e9r\u00e9bral.<\/span><\/p>\n<p><span style=\"font-weight: 400;\">D&rsquo;un point de vue \u00e9motionnel, cela signifie pour les personnes souffrant de fatigue chronique un \u00e9norme gain de qualit\u00e9 de vie : avoir enfin \u00e0 nouveau suffisamment d&rsquo;\u00e9nergie pour participer \u00e0 la vie sociale, s&rsquo;adonner \u00e0 des loisirs ou simplement affronter la journ\u00e9e sans fatigue constante peut presque ressembler \u00e0 une nouvelle vie. <\/span><\/p>\n<p><span style=\"font-weight: 400;\">De nombreux patients se sentent lib\u00e9r\u00e9s lorsqu&rsquo;ils peuvent activement faire quelque chose eux-m\u00eames \u2013 par exemple, en modifiant leur r\u00e9gime alimentaire de mani\u00e8re cibl\u00e9e et en prenant des compl\u00e9ments r\u00e9guliers \u2013 pour am\u00e9liorer leur \u00e9tat. <\/span><\/p>\n<p><span style=\"font-weight: 400;\">Ce sentiment de contr\u00f4le personnel et d&rsquo;espoir est un aspect important que les approches holistiques transmettent.<\/span><\/p>\n<p><span style=\"font-weight: 400;\">Enfin, les patients atteints de maladies graves (par exemple, cancer, scl\u00e9rose en plaques) b\u00e9n\u00e9ficient \u00e9galement de mesures orthomol\u00e9culaires contre la fatigue. Dans les soins oncologiques, il est d\u00e9sormais reconnu que l\u2019activit\u00e9 physique et l\u2019alimentation sont des \u00e9l\u00e9ments essentiels de la lutte contre la fatigue li\u00e9e \u00e0 la tumeur. <\/span><\/p>\n<p><span style=\"font-weight: 400;\">Des prot\u00e9ines de haute qualit\u00e9, suffisamment d&rsquo;acides gras om\u00e9ga-3 et une compensation des carences en vitamines (par exemple, la vitamine D chez les patients atteints de cancer, qui est souvent trop basse) font aujourd&rsquo;hui partie des recommandations de soutien de nombreux centres de canc\u00e9rologie. <\/span><\/p>\n<p><span style=\"font-weight: 400;\">La m\u00e9decine fonctionnelle va encore plus loin et propose des perfusions de nutriments individualis\u00e9es, qui contiennent par exemple de la vitamine C \u00e0 des doses pharmacologiques \u2013 dans le but d&rsquo;att\u00e9nuer l&rsquo;inflammation, de renforcer le syst\u00e8me immunitaire et de donner au corps l&rsquo;\u00e9nergie n\u00e9cessaire \u00e0 la r\u00e9g\u00e9n\u00e9ration. <\/span><\/p>\n<p><span style=\"font-weight: 400;\">M\u00eame si de telles applications sont parfois controvers\u00e9es, de nombreuses personnes concern\u00e9es se sentent mieux et plus fortes, ce qui montre que l&rsquo;approche peut \u00eatre un compl\u00e9ment judicieux \u00e0 la m\u00e9decine conventionnelle.<\/span><\/p>\n<p><b>En conclusion, on peut dire :<\/b><span style=\"font-weight: 400;\"> La fatigue chronique n\u2019est pas une fatalit\u00e9 \u00e0 laquelle on est livr\u00e9 sans d\u00e9fense. L\u2019apport cibl\u00e9 de substances vitales, int\u00e9gr\u00e9 dans un concept th\u00e9rapeutique holistique, offre de r\u00e9elles chances de r\u00e9veiller les esprits vitaux. <\/span><\/p>\n<p><span style=\"font-weight: 400;\">La litt\u00e9rature scientifique \u00e9taye cette exp\u00e9rience \u2013 m\u00eame si d&rsquo;autres recherches sont n\u00e9cessaires pour clarifier les relations exactes dose-effet. <\/span><\/p>\n<p><span style=\"font-weight: 400;\">Pour la pratique, c&rsquo;est avant tout le bien-\u00eatre du patient qui compte, et ici, beaucoup font \u00e9tat d&rsquo;une nette am\u00e9lioration de leur \u00e9nergie et de leur joie de vivre lorsque les d\u00e9ficits nutritionnels ont \u00e9t\u00e9 corrig\u00e9s.<\/span><\/p>\n<p>&nbsp;<\/p>\n<h2><b>Pr\u00e9vention et traitement des carences en micronutriments<\/b><\/h2>\n<p><span style=\"font-weight: 400;\">Les carences en micronutriments \u2013 \u00e9galement appel\u00e9es \u00ab faim cach\u00e9e \u00bb, car elles passent souvent inaper\u00e7ues \u2013 sont tr\u00e8s r\u00e9pandues, tant dans les pays en d\u00e9veloppement que dans les pays industrialis\u00e9s. <\/span><\/p>\n<p><span style=\"font-weight: 400;\">L&rsquo;Organisation mondiale de la sant\u00e9 (OMS) souligne que les carences en fer, en vitamine A et en iode sont les plus fr\u00e9quentes au niveau mondial, en particulier chez les enfants et les femmes enceintes. <\/span><\/p>\n<p><span style=\"font-weight: 400;\">Pendant longtemps, on a estim\u00e9 \u00e0 environ 2 milliards le nombre de personnes concern\u00e9es, mais des enqu\u00eates plus r\u00e9centes montrent une ampleur encore plus grave : selon une vaste \u00e9tude, plus de la moiti\u00e9 des enfants de moins de 5 ans et deux tiers des femmes en \u00e2ge de procr\u00e9er dans le monde sont touch\u00e9s par au moins une carence en micronutriments. <\/span><\/p>\n<p><span style=\"font-weight: 400;\">Il est effrayant de constater que m\u00eame dans les pays riches, de nombreuses personnes ne sont pas aliment\u00e9es de mani\u00e8re optimale en vitamines et en min\u00e9raux. <\/span><\/p>\n<p><span style=\"font-weight: 400;\">Aux \u00c9tats-Unis et en Grande-Bretagne, par exemple, entre un tiers et la moiti\u00e9 des femmes en \u00e2ge de procr\u00e9er pr\u00e9sentent des d\u00e9ficits pour un ou plusieurs micronutriments. <\/span><\/p>\n<p><span style=\"font-weight: 400;\">Les raisons en sont un r\u00e9gime alimentaire d\u00e9s\u00e9quilibr\u00e9 : les aliments hautement transform\u00e9s, la restauration rapide et les aliments riches en sucre fournissent beaucoup de calories, mais souvent trop peu de substances vitales. <\/span><\/p>\n<p><span style=\"font-weight: 400;\">Parall\u00e8lement, le stress, l&rsquo;agitation et certaines phases de la vie (croissance, grossesse, vieillesse) entra\u00eenent un besoin accru.<\/span><\/p>\n<p><span style=\"font-weight: 400;\">Les cons\u00e9quences des carences en micronutriments sont multiples. Certains sympt\u00f4mes sont subtils \u2013 par exemple, la fatigue, le manque de concentration, la sensibilit\u00e9 aux infections, la peau p\u00e2le, les ongles cassants \u2013 et ne sont donc peut-\u00eatre pas imm\u00e9diatement reconnus comme un signe de carence dans la vie de tous les jours. <\/span><\/p>\n<p><span style=\"font-weight: 400;\">D&rsquo;autres d\u00e9ficits s&rsquo;expriment plus clairement : une carence prononc\u00e9e en vitamine D peut entra\u00eener des douleurs osseuses (ost\u00e9omalacie) ou une faiblesse musculaire ; une carence en iode provoque une hypertrophie de la thyro\u00efde (goitre) et des troubles du d\u00e9veloppement chez les enfants ; une carence en vitamine B_12 entra\u00eene une an\u00e9mie et des troubles neurologiques ; une carence en fer provoque une an\u00e9mie avec une forte fatigue et un essoufflement. <\/span><\/p>\n<p><span style=\"font-weight: 400;\">M\u00eame des d\u00e9ficits l\u00e9gers peuvent toutefois d\u00e9j\u00e0 nuire \u00e0 la qualit\u00e9 de vie : des \u00e9tudes montrent ainsi que, m\u00eame sans an\u00e9mie, un faible statut en fer est associ\u00e9 \u00e0 une diminution des performances mentales et \u00e0 de la fatigue \u2013 ce qui peut souvent \u00eatre am\u00e9lior\u00e9 par une th\u00e9rapie \u00e0 base de fer.<\/span><\/p>\n<p><span style=\"font-weight: 400;\">Il en va de m\u00eame pour la vitamine B_12 : avant m\u00eame qu&rsquo;une an\u00e9mie grave ne se d\u00e9veloppe, les personnes concern\u00e9es souffrent d&rsquo;un manque d&rsquo;entrain et de baisses d&rsquo;humeur, qui sont r\u00e9versibles gr\u00e2ce \u00e0 des apports de vitamine B_12.<\/span><\/p>\n<p><b>La bonne nouvelle :<\/b><span style=\"font-weight: 400;\"> La plupart des carences en micronutriments sont faciles \u00e0 diagnostiquer (au moyen de tests sanguins sur, par exemple, la ferritine, la 25-OH-vitamine&nbsp;D, l\u2019holotranscobalamine, etc.) et \u00e0 corriger efficacement. La premi\u00e8re \u00e9tape est toujours l\u2019alimentation. <\/span><\/p>\n<p><span style=\"font-weight: 400;\">Une alimentation vari\u00e9e avec beaucoup de l\u00e9gumes, de fruits, de produits \u00e0 grains entiers, de l\u00e9gumineuses, de noix ainsi que, le cas \u00e9ch\u00e9ant, du poisson, des \u0153ufs et un peu de viande fournit g\u00e9n\u00e9ralement les micronutriments n\u00e9cessaires sous forme naturelle. Cependant, de nombreuses personnes n\u2019y parviennent pas, pour diverses raisons, \u00e0 manger \u00ab&nbsp;parfaitement&nbsp;\u00bb tous les jours. <\/span><\/p>\n<p><span style=\"font-weight: 400;\">C\u2019est l\u00e0 que les compl\u00e9ments alimentaires et les aliments enrichis entrent en jeu. L\u2019enrichissement des aliments (Food Fortification) est une approche \u00e0 l\u2019\u00e9chelle de la population \u2013 exemple classique&nbsp;: le sel de table est enrichi en iode, ce qui a entra\u00een\u00e9 une diminution drastique des carences en iode dans le monde entier (aujourd\u2019hui, environ 86&nbsp;% des m\u00e9nages ont acc\u00e8s \u00e0 du sel iod\u00e9). <\/span><\/p>\n<p><span style=\"font-weight: 400;\">La farine est \u00e9galement enrichie en fer et en vitamines B dans de nombreux pays, les produits laitiers en vitamine D, etc., afin de pr\u00e9venir la faim cach\u00e9e.<\/span><\/p>\n<p><span style=\"font-weight: 400;\">Pour l&rsquo;individu, une suppl\u00e9mentation cibl\u00e9e peut \u00eatre judicieuse, en particulier dans les situations suivantes :<\/span><\/p>\n<ul>\n<li style=\"font-weight: 400;\" aria-level=\"1\"><b>Grossesse et allaitement : <\/b><span style=\"font-weight: 400;\">Ici, le besoin en folate, en fer, en iode et en autres nutriments augmente consid\u00e9rablement. Des compl\u00e9ments (tels que l\u2019acide folique et les pr\u00e9parations de fer) sont recommand\u00e9s par un m\u00e9decin pour pr\u00e9venir les troubles du d\u00e9veloppement chez le b\u00e9b\u00e9 et l\u2019an\u00e9mie chez la m\u00e8re.<\/span>&nbsp;<\/li>\n<li style=\"font-weight: 400;\" aria-level=\"1\"><b>Enfants en pleine croissance : <\/b><span style=\"font-weight: 400;\">La vitamine&nbsp;D est souvent compl\u00e9t\u00e9e au cours des premi\u00e8res ann\u00e9es de la vie (pour la prophylaxie du rachitisme). M\u00eame pendant les phases de pouss\u00e9es de croissance ou chez les mangeurs tr\u00e8s difficiles, par exemple, une multivitamine adapt\u00e9e aux enfants peut \u00eatre judicieuse, toujours en concertation avec le p\u00e9diatre.<\/span>&nbsp;<\/li>\n<li style=\"font-weight: 400;\" aria-level=\"1\"><b>\u00c2ge avanc\u00e9 :<\/b><span style=\"font-weight: 400;\"> Les personnes \u00e2g\u00e9es souffrent souvent de carences en vitamine D et en B_12 (en raison d&rsquo;une exposition moindre au soleil et d&rsquo;une diminution de l&rsquo;absorption dans l&rsquo;intestin). <\/span><span style=\"font-weight: 400;\"><br \/>\n<\/span><span style=\"font-weight: 400;\">Ici, des gouttes de vitamine D et de B_12 (\u00e9ventuellement sous forme de comprim\u00e9s \u00e0 sucer ou d&rsquo;injections) peuvent aider \u00e0 renforcer les os et \u00e0 prot\u00e9ger le syst\u00e8me nerveux.<\/span>&nbsp;<\/li>\n<li style=\"font-weight: 400;\" aria-level=\"1\"><b>V\u00e9g\u00e9tariens et v\u00e9g\u00e9taliens :<\/b><span style=\"font-weight: 400;\"> Ils pr\u00e9sentent un risque accru de carence en B_12, car cette vitamine se trouve presque exclusivement dans les produits d&rsquo;origine animale. <\/span> <span style=\"font-weight: 400;\"><br \/>\n<\/span><span style=\"font-weight: 400;\">B_12 doit \u00eatre substitu\u00e9. Les personnes qui s\u2019alimentent \u00e0 base de plantes doivent \u00e9galement faire attention au fer, au zinc, au calcium, aux acides gras om\u00e9ga-3 et \u00e0 l\u2019iode et, le cas \u00e9ch\u00e9ant, les compl\u00e9ter.<\/span>&nbsp;<\/li>\n<li style=\"font-weight: 400;\" aria-level=\"1\"><b>Malades chroniques : <\/b><span style=\"font-weight: 400;\">Diverses maladies peuvent nuire \u00e0 l\u2019\u00e9quilibre nutritionnel. Par exemple, les diab\u00e9tiques perdent plus de magn\u00e9sium par les reins&nbsp;; les personnes atteintes de maladies intestinales (maladie de Crohn, maladie c\u0153liaque) absorbent moins bien les vitamines&nbsp;; les patients atteints de cancer ont souvent un besoin accru en prot\u00e9ines et en vitamines pour la r\u00e9g\u00e9n\u00e9ration. <\/span><span style=\"font-weight: 400;\"><br \/>\n<\/span><span style=\"font-weight: 400;\">Une consultation individuelle et des diagnostics de laboratoire sont ici utiles.<\/span>&nbsp;<\/li>\n<li style=\"font-weight: 400;\" aria-level=\"1\"><b>Stress et pression de performance : <\/b><span style=\"font-weight: 400;\">Un stress persistant consomme davantage de vitamine C, de magn\u00e9sium et de vitamines B. <\/span><span style=\"font-weight: 400;\"><br \/>\n<\/span><span style=\"font-weight: 400;\">Les personnes ayant un style de vie stressant ou les sportifs ayant un volume d&rsquo;entra\u00eenement \u00e9lev\u00e9 font souvent \u00e9tat d&rsquo;une meilleure r\u00e9sistance au stress et d&rsquo;une meilleure r\u00e9cup\u00e9ration lorsqu&rsquo;ils veillent \u00e0 un bon apport en micronutriments (par exemple, du magn\u00e9sium pour la relaxation des muscles et des nerfs).<\/span><\/li>\n<\/ul>\n<p><span style=\"font-weight: 400;\">La m\u00e9decine fonctionnelle va encore plus loin dans la pr\u00e9vention des carences : elle s&rsquo;efforce de reconna\u00eetre et de corriger les \u00e9tats sous-optimaux de mani\u00e8re pr\u00e9coce, avant qu&rsquo;une carence clinique ne se manifeste. <\/span><\/p>\n<p><span style=\"font-weight: 400;\">Au lieu de se contenter de regarder les valeurs de r\u00e9f\u00e9rence, qui d\u00e9finissent grossi\u00e8rement la carence par rapport \u00e0 la normale, les m\u00e9decins fonctionnels recherchent des plages id\u00e9ales. Par exemple, ils consid\u00e8rent un taux de vitamine&nbsp;D de 30&nbsp;ng\/ml comme \u00ab&nbsp;non d\u00e9ficient&nbsp;\u00bb, mais pour une pr\u00e9vention immunitaire optimale, ils recommandent plut\u00f4t 50\u201360&nbsp;ng\/ml (ce qui n\u00e9cessite souvent une suppl\u00e9mentation). <\/span><\/p>\n<p><span style=\"font-weight: 400;\">Ce principe d&rsquo;optimisation est une marque de fabrique notamment de la m\u00e9decine orthomol\u00e9culaire \u2013 mais il faut ici faire preuve de discernement pour ne pas glisser vers une prise excessive. <\/span><\/p>\n<p><span style=\"font-weight: 400;\">C&rsquo;est pourquoi toute suppl\u00e9mentation doit \u00eatre accompagn\u00e9e d&rsquo;un avis professionnel et faire l&rsquo;objet de contr\u00f4les r\u00e9guliers.<\/span><\/p>\n<p><span style=\"font-weight: 400;\">Pour le traitement des carences aigu\u00ebs, des protocoles \u00e9tablis sont souvent disponibles : l&rsquo;an\u00e9mie ferriprive est trait\u00e9e par des cures de fer (de substitution) (par voie orale ou, en cas d&rsquo;intol\u00e9rance, par voie intraveineuse), la carence en vitamine D est combl\u00e9e par des apports de Dekristol \u00e0 forte dose, la carence en B_12 est corrig\u00e9e dans de nombreux cas par injection, etc. <\/span><\/p>\n<p><span style=\"font-weight: 400;\">La m\u00e9decine orthomol\u00e9culaire utilise en outre des th\u00e9rapies par perfusion pour administrer directement dans le sang plusieurs vitamines et min\u00e9raux, ce qui peut \u00eatre efficace en cas de carences graves ou de troubles de l&rsquo;absorption. <\/span><\/p>\n<p><span style=\"font-weight: 400;\">Par exemple, la perfusion dite Myers&rsquo; Cocktail (un m\u00e9lange de magn\u00e9sium, de calcium, de vitamine C et de plusieurs vitamines B) a gagn\u00e9 en popularit\u00e9 dans la m\u00e9decine int\u00e9grative pour donner de l&rsquo;\u00e9nergie et stimuler le syst\u00e8me immunitaire \u2013 bien que les preuves \u00e0 ce sujet soient encore limit\u00e9es. <\/span><\/p>\n<p><span style=\"font-weight: 400;\">N\u00e9anmoins, les patients souffrant de migraines, de fibromyalgie ou de sensibilit\u00e9 aux infections font \u00e9tat d\u2019am\u00e9liorations dans des cas isol\u00e9s. De telles exp\u00e9riences sont int\u00e9gr\u00e9es dans le traitement holistique, mais sont toujours \u00e9valu\u00e9es individuellement.<\/span><\/p>\n<p><span style=\"font-weight: 400;\">L&rsquo;\u00e9ducation et l&rsquo;autonomisation font \u00e9galement partie de la pr\u00e9vention : apprendre aux gens ce que contient leur alimentation favorise la responsabilit\u00e9 personnelle. <\/span><\/p>\n<p><span style=\"font-weight: 400;\">Lorsque les patients comprennent que, par exemple, 100 g de flocons d&rsquo;avoine couvrent presque tous les besoins quotidiens en magn\u00e9sium ou qu&rsquo;un poivron contient plus de vitamine C qu&rsquo;un citron, ils peuvent choisir des aliments plus consciemment au quotidien. <\/span><\/p>\n<p><span style=\"font-weight: 400;\">La Nutrition Education \u2013 c&rsquo;est-\u00e0-dire l&rsquo;\u00e9ducation nutritionnelle \u2013 est, selon l&rsquo;OMS, une cl\u00e9 centrale pour pr\u00e9venir les carences en micronutriments. <\/span><\/p>\n<p><span style=\"font-weight: 400;\">Combin\u00e9 \u00e0 des mesures structurelles (comme la fortification) et \u00e0 des compl\u00e9ments cibl\u00e9s, il en r\u00e9sulte une approche multicouche qui a d\u00e9j\u00e0 fait beaucoup de bien au cours des derni\u00e8res d\u00e9cennies \u2013 mais qui doit encore \u00eatre am\u00e9lior\u00e9e, car la faim cach\u00e9e touche encore des milliards de personnes.<\/span><\/p>\n<p><span style=\"font-weight: 400;\">Pour les personnes soucieuses de leur sant\u00e9, la pr\u00e9vention signifie avant tout&nbsp;: misez sur la diversit\u00e9 et la qualit\u00e9 de l\u2019alimentation. \u00ab&nbsp;Eat the rainbow&nbsp;\u00bb \u2013 mangez un m\u00e9lange color\u00e9 pour absorber une palette de vitamines. <\/span><\/p>\n<p><span style=\"font-weight: 400;\">Au niveau r\u00e9gional et saisonnier, il y a presque toute l&rsquo;ann\u00e9e quelque chose de riche en substances vitales (des l\u00e9gumes crucif\u00e8res en hiver, qui fournissent beaucoup de vitamines K et C, aux baies en \u00e9t\u00e9 avec leurs antioxydants). <\/span><\/p>\n<p><span style=\"font-weight: 400;\">Les compl\u00e9ments peuvent \u00eatre une solution de secours judicieuse, mais ne doivent jamais \u00eatre consid\u00e9r\u00e9s comme un substitut aux l\u00e9gumes &#038; Co., mais plut\u00f4t comme un compl\u00e9ment. <\/span><\/p>\n<p><span style=\"font-weight: 400;\">Un conseil courant de nombreux m\u00e9decins est le suivant : prendre de la vitamine D en hiver, compl\u00e9ter les om\u00e9ga-3 en cas de faible consommation de poisson dans l&rsquo;alimentation, et substituer de mani\u00e8re cibl\u00e9e les substances manquantes individuellement (au lieu d&rsquo;avaler des pilules au hasard \u00ab par pr\u00e9caution \u00bb).<\/span><\/p>\n<p>&nbsp;<\/p>\n<h2><strong>Sur la voie d&rsquo;une sant\u00e9 holistique<\/strong><\/h2>\n<p><span style=\"font-weight: 400;\">La m\u00e9decine orthomol\u00e9culaire et fonctionnelle illustrent de mani\u00e8re impressionnante l&rsquo;importance des micronutriments et des facteurs li\u00e9s au style de vie pour notre sant\u00e9. <\/span><\/p>\n<p><span style=\"font-weight: 400;\">Pour les patients atteints de maladies chroniques, elles peuvent ouvrir de nouvelles perspectives \u2013 en recherchant enfin les causes de leurs troubles et en ne se contentant pas de supprimer les sympt\u00f4mes. <\/span><\/p>\n<p><span style=\"font-weight: 400;\">Le sentiment de participer activement \u00e0 sa propre gu\u00e9rison (que ce soit par l&rsquo;adaptation de l&rsquo;alimentation, la prise autonome de nutriments ou des modifications dans la vie quotidienne) donne \u00e0 de nombreuses personnes concern\u00e9es un nouvel espoir et une nouvelle motivation. <\/span><\/p>\n<p><span style=\"font-weight: 400;\">Les personnes soucieuses de leur sant\u00e9 trouvent dans ces approches des strat\u00e9gies \u00e9tay\u00e9es scientifiquement pour am\u00e9liorer leur bien-\u00eatre, renforcer leur syst\u00e8me immunitaire et rester vitales plus longtemps. <\/span><\/p>\n<p><span style=\"font-weight: 400;\">Et les membres des professions m\u00e9dicales y d\u00e9couvrent un riche fonds de connaissances fond\u00e9es sur des preuves, qui peuvent compl\u00e9ter la m\u00e9decine conventionnelle \u2013 en particulier dans le cas de maladies chroniques complexes, o\u00f9 les th\u00e9rapies standard seules ne suffisent souvent pas.<\/span><\/p>\n<p><span style=\"font-weight: 400;\">L&rsquo;important est toujours de trouver un \u00e9quilibre critique : la m\u00e9decine orthomol\u00e9culaire et fonctionnelle doivent \u00eatre pratiqu\u00e9es sur la base d&rsquo;une litt\u00e9rature scientifique solide, comme les nombreuses publications dans PubMed et d&rsquo;autres revues que nous avons cit\u00e9es dans cet article. <\/span><\/p>\n<p><span style=\"font-weight: 400;\">Les concepts pr\u00e9sent\u00e9s ici ne sont pas un appel \u00e0 l&rsquo;autom\u00e9dication en toute autonomie avec des pr\u00e9parations \u00e0 forte dose, mais un plaidoyer pour une m\u00e9decine inform\u00e9e et int\u00e9grative, qui consid\u00e8re l&rsquo;\u00eatre humain dans son ensemble. <\/span><\/p>\n<p><span style=\"font-weight: 400;\">Chaque corps est diff\u00e9rent \u2013 ce qui manque \u00e0 l\u2019un, l\u2019autre l\u2019a en abondance. C\u2019est pourquoi le diagnostic personnalis\u00e9 (analyses de laboratoire, anamn\u00e8se) en fait partie int\u00e9grante, afin de d\u00e9couvrir o\u00f9 se trouvent les carences ou les d\u00e9s\u00e9quilibres.<\/span><\/p>\n<p><span style=\"font-weight: 400;\">Les connaissances scientifiques montrent clairement : les micronutriments sont de petits h\u00e9ros avec un grand effet. <\/span><\/p>\n<p><span style=\"font-weight: 400;\">Un apport suffisant est une condition de base pour un syst\u00e8me immunitaire fort, suffisamment d\u2019\u00e9nergie et une sant\u00e9 \u00e0 long terme. La m\u00e9decine orthomol\u00e9culaire et la m\u00e9decine fonctionnelle se consacrent pr\u00e9cis\u00e9ment \u00e0 ce fondement. <\/span><\/p>\n<p><span style=\"font-weight: 400;\">Elles nous rappellent qu&rsquo;\u00e0 l&rsquo;\u00e8re de la m\u00e9decine de haute technologie hautement sp\u00e9cialis\u00e9e, les choses simples \u2013 vitamines, min\u00e9raux, alimentation saine, un style de vie \u00e9quilibr\u00e9 \u2013 sont d&rsquo;une valeur inestimable. <\/span><\/p>\n<p><span style=\"font-weight: 400;\">La composante \u00e9motionnelle que les deux approches v\u00e9hiculent est la suivante&nbsp;: vous pouvez faire quelque chose vous-m\u00eame. Votre corps peut gu\u00e9rir s\u2019il re\u00e7oit ce dont il a besoin. Ce sentiment d\u2019autonomisation combin\u00e9 \u00e0 une science rigoureuse fait la fascination et l\u2019importance de la m\u00e9decine orthomol\u00e9culaire et fonctionnelle.<\/span><\/p>\n<p><span style=\"font-weight: 400;\">Au final, il s&rsquo;agit de la qualit\u00e9 de vie : d&rsquo;aider les gens \u00e0 se sentir \u00e0 nouveau bien dans leur corps, \u00e0 respirer librement, \u00e0 \u00eatre r\u00e9sistants et heureux. <\/span><\/p>\n<p><span style=\"font-weight: 400;\">L&rsquo;utilisation int\u00e9grative des micronutriments \u2013 que ce soit pour renforcer le syst\u00e8me immunitaire, pour surmonter la fatigue chronique ou pour combler les lacunes en substances vitales \u2013 est un \u00e9l\u00e9ment central sur la voie \u00e0 suivre. <\/span><\/p>\n<p><span style=\"font-weight: 400;\">En unissant le meilleur des deux mondes \u2013 la m\u00e9decine fond\u00e9e sur des preuves et les soins holistiques \u2013 nous nous rapprochons de l&rsquo;id\u00e9al d&rsquo;une prise en charge globale de la sant\u00e9, qui laisse la gu\u00e9rison et la pr\u00e9vention aller de pair.<\/span><\/p>\n<p>&nbsp;<\/p>\n<h2><strong>R\u00e9f\u00e9rences<\/strong><\/h2>\n<ol>\n<li style=\"font-weight: 400;\" aria-level=\"1\"><span style=\"font-weight: 400;\">Gombart AF, Pierre A, Maggini S. Revue des micronutriments et du syst\u00e8me immunitaire \u2013 Travailler en harmonie pour r\u00e9duire le risque d\u2019infection.<\/span> <span style=\"font-weight: 400;\">Nutrients. 2020&nbsp;;12(1):236&nbsp;.<\/span><\/li>\n<li style=\"font-weight: 400;\" aria-level=\"1\"><span style=\"font-weight: 400;\">Barnish M, Sheikh M, Scholey A. Th\u00e9rapie nutritionnelle pour l\u2019am\u00e9lioration des sympt\u00f4mes de fatigue.<\/span> <span style=\"font-weight: 400;\">Nutrients. 2023&nbsp;;15(9):2154&nbsp;.<\/span><\/li>\n<li style=\"font-weight: 400;\" aria-level=\"1\"><span style=\"font-weight: 400;\">Paradowski RJ. Orthomolecular Medicine (Research Starter). EBSCO Publishing, 2024&nbsp;.<\/span><\/li>\n<li style=\"font-weight: 400;\" aria-level=\"1\"><span style=\"font-weight: 400;\">Bland JS. Functional Medicine Past, Present, and Future.<\/span> <span style=\"font-weight: 400;\">Integrative Medicine (Encinitas). 2022&nbsp;;21(2):22-26&nbsp;.<\/span><\/li>\n<li style=\"font-weight: 400;\" aria-level=\"1\"><span style=\"font-weight: 400;\">Institute for Functional Medicine. What is Functional Medicine? Quoted in&nbsp;: Hanaway P. Form Follows Function&nbsp;: A Functional Medicine Overview. 2016 .<\/span><\/li>\n<li style=\"font-weight: 400;\" aria-level=\"1\"><span style=\"font-weight: 400;\">Cleveland Clinic Center for Functional Medicine. Functional Medicine Model of Care and Patient Outcomes.<\/span> <span style=\"font-weight: 400;\">JAMA Network Open. 2019;2(10):e1914017 .<\/span><\/li>\n<li style=\"font-weight: 400;\" aria-level=\"1\"><span style=\"font-weight: 400;\">World Health Organization (WHO). Micronutrients \u2013 Overview. (WHO Health Topics)&nbsp;.<\/span><\/li>\n<li style=\"font-weight: 400;\" aria-level=\"1\"><span style=\"font-weight: 400;\">Micronutrient Forum. Press Release&nbsp;: 1 in 2 children and 2 in 3 women worldwide affected by micronutrient deficiencies. 11 Oct 2022&nbsp;.<\/span><\/li>\n<li style=\"font-weight: 400;\" aria-level=\"1\"><span style=\"font-weight: 400;\">Fukushima W et al. Iron deficiency without anaemia is a potential cause of fatigue&nbsp;: meta-analysis of studies.<\/span> <span style=\"font-weight: 400;\">Br J Nutr. 2017&nbsp;;117(10):1422-1431&nbsp;.<\/span><\/li>\n<li style=\"font-weight: 400;\" aria-level=\"1\"><span style=\"font-weight: 400;\">Piednoir A et al. Iron deficiency and fatigue in the absence of anemia.<\/span> <span style=\"font-weight: 400;\">European Heart Journal. 2019 (Supplement)&nbsp;. (Querschnittsstudie \u00fcber Eisenmangel und M\u00fcdigkeit)<\/span><\/li>\n<\/ol>\n","protected":false},"excerpt":{"rendered":"<p>De nombreuses personnes luttent contre des troubles chroniques tels qu\u2019une fatigue persistante ou des infections r\u00e9currentes, souvent malgr\u00e9 des analyses de laboratoire normales et une alimentation apparemment \u00ab&nbsp;normale&nbsp;\u00bb. <\/p>\n<p>Dans le m\u00eame temps, les personnes soucieuses de leur sant\u00e9 souhaitent de plus en plus renforcer leur syst\u00e8me immunitaire de mani\u00e8re naturelle et pr\u00e9venir activement les maladies. L\u2019int\u00e9r\u00eat pour les approches holistiques qui vont au-del\u00e0 du traitement purement symptomatique augmente \u00e9galement dans les cercles m\u00e9dicaux sp\u00e9cialis\u00e9s. Dans ce contexte, la m\u00e9decine orthomol\u00e9culaire et la m\u00e9decine fonctionnelle sont de plus en plus au centre de l\u2019attention. <\/p>\n<p>Les deux disciplines examinent le r\u00f4le des micronutriments \u2013 c\u2019est-\u00e0-dire des vitamines, des min\u00e9raux et autres \u2013 pour notre sant\u00e9 et misent sur un apport optimal de ces substances essentielles \u00e0 l\u2019organisme. <\/p>\n","protected":false},"author":1,"featured_media":40824,"parent":45533,"menu_order":0,"comment_status":"closed","ping_status":"closed","template":"","meta":{"footnotes":""},"class_list":["post-40822","page","type-page","status-publish","has-post-thumbnail","hentry"],"_links":{"self":[{"href":"https:\/\/venaziel.de\/fr\/wp-json\/wp\/v2\/pages\/40822","targetHints":{"allow":["GET"]}}],"collection":[{"href":"https:\/\/venaziel.de\/fr\/wp-json\/wp\/v2\/pages"}],"about":[{"href":"https:\/\/venaziel.de\/fr\/wp-json\/wp\/v2\/types\/page"}],"author":[{"embeddable":true,"href":"https:\/\/venaziel.de\/fr\/wp-json\/wp\/v2\/users\/1"}],"replies":[{"embeddable":true,"href":"https:\/\/venaziel.de\/fr\/wp-json\/wp\/v2\/comments?post=40822"}],"version-history":[{"count":4,"href":"https:\/\/venaziel.de\/fr\/wp-json\/wp\/v2\/pages\/40822\/revisions"}],"predecessor-version":[{"id":78788,"href":"https:\/\/venaziel.de\/fr\/wp-json\/wp\/v2\/pages\/40822\/revisions\/78788"}],"up":[{"embeddable":true,"href":"https:\/\/venaziel.de\/fr\/wp-json\/wp\/v2\/pages\/45533"}],"wp:featuredmedia":[{"embeddable":true,"href":"https:\/\/venaziel.de\/fr\/wp-json\/wp\/v2\/media\/40824"}],"wp:attachment":[{"href":"https:\/\/venaziel.de\/fr\/wp-json\/wp\/v2\/media?parent=40822"}],"curies":[{"name":"wp","href":"https:\/\/api.w.org\/{rel}","templated":true}]}}